{"id":5624,"date":"2025-06-04T18:44:07","date_gmt":"2025-06-04T18:44:07","guid":{"rendered":"https:\/\/www.cesigue.edu.mx\/guestalt\/?page_id=5624"},"modified":"2025-06-05T20:21:17","modified_gmt":"2025-06-05T20:21:17","slug":"jornadashumanista-gestalt-2025","status":"publish","type":"page","link":"https:\/\/www.cesigue.edu.mx\/guestalt\/jornadashumanista-gestalt-2025\/","title":{"rendered":"Jornadas Humanista \u2013 Gestalt 2025"},"content":{"rendered":"\t\t<div data-elementor-type=\"wp-page\" data-elementor-id=\"5624\" class=\"elementor elementor-5624\">\n\t\t\t\t\t\t\t\t\t<section class=\"elementor-section elementor-top-section elementor-element elementor-element-06e8fbd elementor-section-boxed elementor-section-height-default elementor-section-height-default row-top\" data-id=\"06e8fbd\" data-element_type=\"section\">\n\t\t\t\t\t\t<div class=\"elementor-container elementor-column-gap-default\">\n\t\t\t\t\t<div class=\"elementor-column elementor-col-100 elementor-top-column elementor-element elementor-element-155c2a5 column-style-top\" data-id=\"155c2a5\" data-element_type=\"column\">\n\t\t\t<div class=\"elementor-widget-wrap elementor-element-populated\">\n\t\t\t\t\t\t\t\t<div class=\"elementor-element elementor-element-7d2c7da elementor-widget elementor-widget-image\" data-id=\"7d2c7da\" data-element_type=\"widget\" data-widget_type=\"image.default\">\n\t\t\t\t<div class=\"elementor-widget-container\">\n\t\t\t<style>\/*! elementor - v3.16.0 - 14-09-2023 *\/\n.elementor-widget-image{text-align:center}.elementor-widget-image a{display:inline-block}.elementor-widget-image a img[src$=\".svg\"]{width:48px}.elementor-widget-image img{vertical-align:middle;display:inline-block}<\/style>\t\t\t\t\t\t\t\t\t\t\t\t<img loading=\"lazy\" decoding=\"async\" width=\"768\" height=\"525\" src=\"https:\/\/www.cesigue.edu.mx\/guestalt\/wp-content\/uploads\/2025\/06\/jornadas_humanista_gestalt-768x525.png\" class=\"attachment-medium_large size-medium_large wp-image-5623\" alt=\"\" srcset=\"https:\/\/www.cesigue.edu.mx\/guestalt\/wp-content\/uploads\/2025\/06\/jornadas_humanista_gestalt-768x525.png 768w, https:\/\/www.cesigue.edu.mx\/guestalt\/wp-content\/uploads\/2025\/06\/jornadas_humanista_gestalt-1024x700.png 1024w, https:\/\/www.cesigue.edu.mx\/guestalt\/wp-content\/uploads\/2025\/06\/jornadas_humanista_gestalt-600x410.png 600w, https:\/\/www.cesigue.edu.mx\/guestalt\/wp-content\/uploads\/2025\/06\/jornadas_humanista_gestalt.png 1170w\" sizes=\"auto, (max-width: 768px) 100vw, 768px\" \/>\t\t\t\t\t\t\t\t\t\t\t\t\t\t\t<\/div>\n\t\t\t\t<\/div>\n\t\t\t\t\t<\/div>\n\t\t<\/div>\n\t\t\t\t\t\t\t<\/div>\n\t\t<\/section>\n\t\t\t\t<section class=\"elementor-section elementor-top-section elementor-element elementor-element-0f7fd4c elementor-section-boxed elementor-section-height-default elementor-section-height-default row-top\" data-id=\"0f7fd4c\" data-element_type=\"section\">\n\t\t\t\t\t\t<div class=\"elementor-container elementor-column-gap-default\">\n\t\t\t\t\t<div class=\"elementor-column elementor-col-66 elementor-top-column elementor-element elementor-element-4b85eb8 column-style-top\" data-id=\"4b85eb8\" data-element_type=\"column\">\n\t\t\t<div class=\"elementor-widget-wrap elementor-element-populated\">\n\t\t\t\t\t\t\t\t<div class=\"elementor-element elementor-element-86b79ef elementor-widget elementor-widget-text-editor\" data-id=\"86b79ef\" data-element_type=\"widget\" data-widget_type=\"text-editor.default\">\n\t\t\t\t<div class=\"elementor-widget-container\">\n\t\t\t<style>\/*! elementor - v3.16.0 - 14-09-2023 *\/\n.elementor-widget-text-editor.elementor-drop-cap-view-stacked .elementor-drop-cap{background-color:#69727d;color:#fff}.elementor-widget-text-editor.elementor-drop-cap-view-framed .elementor-drop-cap{color:#69727d;border:3px solid;background-color:transparent}.elementor-widget-text-editor:not(.elementor-drop-cap-view-default) .elementor-drop-cap{margin-top:8px}.elementor-widget-text-editor:not(.elementor-drop-cap-view-default) .elementor-drop-cap-letter{width:1em;height:1em}.elementor-widget-text-editor .elementor-drop-cap{float:left;text-align:center;line-height:1;font-size:50px}.elementor-widget-text-editor .elementor-drop-cap-letter{display:inline-block}<\/style>\t\t\t\t<h4>Conectando la educaci\u00f3n y la psicoterapia desde un enfoque humanista y relacional<\/h4><p><strong>CESIGUE<\/strong> te invita a participar en las <em><strong>Jornadas Humanista \u2013 Gestalt 2025<\/strong><\/em>, un evento gratuito dirigido a estudiantes y profesionales de psicolog\u00eda, educaci\u00f3n, pedagog\u00eda, ciencias de la salud y \u00e1reas afines que deseen acercarse a los fundamentos del enfoque Gestalt y la propuesta educativa humanista.<br \/>Este evento busca generar un espacio de reflexi\u00f3n, aprendizaje y encuentro con temas clave del trabajo terap\u00e9utico y educativo centrado en la persona.<\/p><h5>\u00bfQu\u00e9 encontrar\u00e1s en las Jornadas Humanista-Gestalt 2025?<\/h5><p>El evento est\u00e1 conformado por pl\u00e1ticas virtuales y talleres presenciales en nuestras sedes Xalapa y Orizaba, donde se abordar\u00e1n temas actuales y relevantes para quienes acompa\u00f1an el desarrollo emocional, educativo y humano.<\/p><h5><br \/>\u00bfC\u00f3mo participo en las Jornadas Humanista-Gestalt 2025?<\/h5><p>Este es un evento 100% gratuito y la forma de participar es muy sencilla. Te registras y ah\u00ed eliges las pl\u00e1ticas y talleres que te interesan. Al final podr\u00e1s solicitar la constancia digital de participaci\u00f3n con costo<\/p>\t\t\t\t\t\t<\/div>\n\t\t\t\t<\/div>\n\t\t\t\t\t<\/div>\n\t\t<\/div>\n\t\t\t\t<div class=\"elementor-column elementor-col-33 elementor-top-column elementor-element elementor-element-564bc22 column-style-top\" data-id=\"564bc22\" data-element_type=\"column\">\n\t\t\t<div class=\"elementor-widget-wrap elementor-element-populated\">\n\t\t\t\t\t\t\t\t<section class=\"elementor-section elementor-inner-section elementor-element elementor-element-a8869d9 elementor-section-boxed elementor-section-height-default elementor-section-height-default row-top\" data-id=\"a8869d9\" data-element_type=\"section\" data-settings=\"{&quot;background_background&quot;:&quot;slideshow&quot;,&quot;background_slideshow_gallery&quot;:[],&quot;background_slideshow_loop&quot;:&quot;yes&quot;,&quot;background_slideshow_slide_duration&quot;:5000,&quot;background_slideshow_slide_transition&quot;:&quot;fade&quot;,&quot;background_slideshow_transition_duration&quot;:500}\">\n\t\t\t\t\t\t\t<div class=\"elementor-background-overlay\"><\/div>\n\t\t\t\t\t\t\t<div class=\"elementor-container elementor-column-gap-default\">\n\t\t\t\t\t<div class=\"elementor-column elementor-col-100 elementor-inner-column elementor-element elementor-element-ee617fb column-style-top\" data-id=\"ee617fb\" data-element_type=\"column\">\n\t\t\t<div class=\"elementor-widget-wrap elementor-element-populated\">\n\t\t\t\t\t\t\t\t<div class=\"elementor-element elementor-element-8e159be elementor-view-default elementor-position-top elementor-mobile-position-top elementor-widget elementor-widget-icon-box\" data-id=\"8e159be\" data-element_type=\"widget\" data-widget_type=\"icon-box.default\">\n\t\t\t\t<div class=\"elementor-widget-container\">\n\t\t\t<link rel=\"stylesheet\" href=\"https:\/\/www.cesigue.edu.mx\/guestalt\/wp-content\/plugins\/elementor\/assets\/css\/widget-icon-box.min.css\">\t\t<div class=\"elementor-icon-box-wrapper\">\n\t\t\t\t\t\t<div class=\"elementor-icon-box-icon\">\n\t\t\t\t<span  class=\"elementor-icon elementor-animation-\">\n\t\t\t\t<i aria-hidden=\"true\" class=\"fas fa-users\"><\/i>\t\t\t\t<\/span>\n\t\t\t<\/div>\n\t\t\t\t\t\t<div class=\"elementor-icon-box-content\">\n\t\t\t\t<h3 class=\"elementor-icon-box-title\">\n\t\t\t\t\t<span  >\n\t\t\t\t\t\tDirigido a\t\t\t\t\t<\/span>\n\t\t\t\t<\/h3>\n\t\t\t\t\t\t\t\t\t<p class=\"elementor-icon-box-description\">\n\t\t\t\t\t\tEstudiantes y profesionistas de las licenciaturas en Psicolog\u00eda, Educaci\u00f3n, Pedagog\u00eda, Medicina, Enfermer\u00eda, y todos aquellos que est\u00e9n interesados en conocer el <b>enfoque Gestalt-Humanista<b>.\t\t\t\t\t<\/p>\n\t\t\t\t\t\t\t<\/div>\n\t\t<\/div>\n\t\t\t\t<\/div>\n\t\t\t\t<\/div>\n\t\t\t\t\t<\/div>\n\t\t<\/div>\n\t\t\t\t\t\t\t<\/div>\n\t\t<\/section>\n\t\t\t\t\t<\/div>\n\t\t<\/div>\n\t\t\t\t\t\t\t<\/div>\n\t\t<\/section>\n\t\t\t\t<section class=\"elementor-section elementor-top-section elementor-element elementor-element-ff7d4b6 elementor-section-boxed elementor-section-height-default elementor-section-height-default row-top\" data-id=\"ff7d4b6\" data-element_type=\"section\">\n\t\t\t\t\t\t<div class=\"elementor-container elementor-column-gap-default\">\n\t\t\t\t\t<div class=\"elementor-column elementor-col-25 elementor-top-column elementor-element elementor-element-1e7ba3b column-style-top\" data-id=\"1e7ba3b\" data-element_type=\"column\">\n\t\t\t<div class=\"elementor-widget-wrap\">\n\t\t\t\t\t\t\t\t\t<\/div>\n\t\t<\/div>\n\t\t\t\t<div class=\"elementor-column elementor-col-50 elementor-top-column elementor-element elementor-element-193f4bf column-style-top\" data-id=\"193f4bf\" data-element_type=\"column\">\n\t\t\t<div class=\"elementor-widget-wrap elementor-element-populated\">\n\t\t\t\t\t\t\t\t<div class=\"elementor-element elementor-element-ae273a3 elementor-widget elementor-widget-heading\" data-id=\"ae273a3\" data-element_type=\"widget\" data-widget_type=\"heading.default\">\n\t\t\t\t<div class=\"elementor-widget-container\">\n\t\t\t<style>\/*! elementor - v3.16.0 - 14-09-2023 *\/\n.elementor-heading-title{padding:0;margin:0;line-height:1}.elementor-widget-heading .elementor-heading-title[class*=elementor-size-]>a{color:inherit;font-size:inherit;line-height:inherit}.elementor-widget-heading .elementor-heading-title.elementor-size-small{font-size:15px}.elementor-widget-heading .elementor-heading-title.elementor-size-medium{font-size:19px}.elementor-widget-heading .elementor-heading-title.elementor-size-large{font-size:29px}.elementor-widget-heading .elementor-heading-title.elementor-size-xl{font-size:39px}.elementor-widget-heading .elementor-heading-title.elementor-size-xxl{font-size:59px}<\/style><h2 class=\"elementor-heading-title elementor-size-default\">PL\u00c1TICAS VIRTUALES\n<\/h2>\t\t<\/div>\n\t\t\t\t<\/div>\n\t\t\t\t<div class=\"elementor-element elementor-element-a977041 elementor-widget elementor-widget-heading\" data-id=\"a977041\" data-element_type=\"widget\" data-widget_type=\"heading.default\">\n\t\t\t\t<div class=\"elementor-widget-container\">\n\t\t\t<h5 class=\"elementor-heading-title elementor-size-default\">Duraci\u00f3n: 2 horas cada una<\/h5>\t\t<\/div>\n\t\t\t\t<\/div>\n\t\t\t\t<div class=\"elementor-element elementor-element-44f050f elementor-widget elementor-widget-text-editor\" data-id=\"44f050f\" data-element_type=\"widget\" data-widget_type=\"text-editor.default\">\n\t\t\t\t<div class=\"elementor-widget-container\">\n\t\t\t\t\t\t\t<table width=\"97%\">\n<tbody>\n<tr>\n<td width=\"20%\">4 de julio<\/td>\n<td colspan=\"3\" width=\"79%\">Relaci\u00f3n antes que t\u00e9cnica: claves del trabajo terap\u00e9utico infantil\nDescubre por qu\u00e9 el v\u00ednculo humano es la base del trabajo con ni\u00f1as y ni\u00f1os, m\u00e1s all\u00e1 de cualquier t\u00e9cnica.<\/td>\n<\/tr>\n<tr>\n<td width=\"20%\">11 de julio<\/td>\n<td colspan=\"3\" width=\"79%\">La educaci\u00f3n que emociona: el sentido humanista de la educaci\u00f3n actual\nReflexiona sobre c\u00f3mo educar desde lo emocional y relacional, creando espacios de aprendizaje con sentido.<\/td>\n<\/tr>\n<tr>\n<td width=\"20%\">18 de julio<\/td>\n<td colspan=\"3\" width=\"79%\">Modelos de intervenci\u00f3n en la Terapia Gestalt\nConoce diferentes formas de intervenci\u00f3n dentro del enfoque Gestalt y c\u00f3mo se aplican en la pr\u00e1ctica cl\u00ednica.<\/td>\n<\/tr>\n<tr>\n<td width=\"20%\">25 de julio<\/td>\n<td colspan=\"3\" width=\"79%\">Educar desde lo humano: recursos clave para el aula\nAprende herramientas concretas para fortalecer el acompa\u00f1amiento emocional en el entorno escolar.<\/td>\n<\/tr>\n<\/tbody>\n<\/table>\t\t\t\t\t\t<\/div>\n\t\t\t\t<\/div>\n\t\t\t\t<div class=\"elementor-element elementor-element-eea3820 elementor-widget elementor-widget-heading\" data-id=\"eea3820\" data-element_type=\"widget\" data-widget_type=\"heading.default\">\n\t\t\t\t<div class=\"elementor-widget-container\">\n\t\t\t<h2 class=\"elementor-heading-title elementor-size-default\">Talleres presenciales | CESIGUE Xalapa y Orizaba\n<\/h2>\t\t<\/div>\n\t\t\t\t<\/div>\n\t\t\t\t<div class=\"elementor-element elementor-element-ac0cddc elementor-widget elementor-widget-heading\" data-id=\"ac0cddc\" data-element_type=\"widget\" data-widget_type=\"heading.default\">\n\t\t\t\t<div class=\"elementor-widget-container\">\n\t\t\t<h5 class=\"elementor-heading-title elementor-size-default\">Duraci\u00f3n: 2 horas cada uno<\/h5>\t\t<\/div>\n\t\t\t\t<\/div>\n\t\t\t\t<div class=\"elementor-element elementor-element-38fb0f3 elementor-widget elementor-widget-text-editor\" data-id=\"38fb0f3\" data-element_type=\"widget\" data-widget_type=\"text-editor.default\">\n\t\t\t\t<div class=\"elementor-widget-container\">\n\t\t\t\t\t\t\t<table width=\"97%\">\n<tbody>\n<tr>\n<td width=\"20%\">5 de julio<\/td>\n<td colspan=\"3\" width=\"79%\">Acompa\u00f1ar desde el v\u00ednculo: el rol del terapeuta infantil\n<br>Experimenta c\u00f3mo construir una relaci\u00f3n terap\u00e9utica segura y significativa en la psicoterapia infantil.<\/td>\n<\/tr>\n<tr>\n<td width=\"20%\">12 de julio<\/td>\n<td colspan=\"3\" width=\"79%\">Bienestar docente: herramientas para una pr\u00e1ctica sostenible\n<br>Aprende t\u00e9cnicas de autocuidado y gesti\u00f3n emocional para fortalecer tu ejercicio docente.<\/td>\n<\/tr>\n<tr>\n<td width=\"20%\">19 de julio<\/td>\n<td colspan=\"3\" width=\"79%\">Actuar lo que no se dice: psicodrama y expresi\u00f3n emocional\n<br>Explora el cuerpo y la acci\u00f3n como canales de expresi\u00f3n emocional a trav\u00e9s del psicodrama.<\/td>\n<\/tr>\n<tr>\n<td width=\"20%\">26 de julio<\/td>\n<td colspan=\"3\" width=\"79%\">Habilidades que inspiran: creatividad y recursos para ense\u00f1ar\n<br>Desarrolla tu creatividad y conoce nuevas formas de ense\u00f1ar desde una mirada humanista<\/td>\n<\/tr>\n<\/tbody>\n<\/table>\t\t\t\t\t\t<\/div>\n\t\t\t\t<\/div>\n\t\t\t\t\t<\/div>\n\t\t<\/div>\n\t\t\t\t<div class=\"elementor-column elementor-col-25 elementor-top-column elementor-element elementor-element-60d5ecc column-style-top\" data-id=\"60d5ecc\" data-element_type=\"column\">\n\t\t\t<div class=\"elementor-widget-wrap\">\n\t\t\t\t\t\t\t\t\t<\/div>\n\t\t<\/div>\n\t\t\t\t\t\t\t<\/div>\n\t\t<\/section>\n\t\t\t\t<section class=\"elementor-section elementor-top-section elementor-element elementor-element-34adc28 elementor-section-boxed elementor-section-height-default elementor-section-height-default row-top\" data-id=\"34adc28\" data-element_type=\"section\">\n\t\t\t\t\t\t<div class=\"elementor-container elementor-column-gap-default\">\n\t\t\t\t\t<div class=\"elementor-column elementor-col-100 elementor-top-column elementor-element elementor-element-b407602 column-style-top\" data-id=\"b407602\" data-element_type=\"column\">\n\t\t\t<div class=\"elementor-widget-wrap elementor-element-populated\">\n\t\t\t\t\t\t\t\t<section class=\"elementor-section elementor-inner-section elementor-element elementor-element-c369091 elementor-section-boxed elementor-section-height-default elementor-section-height-default row-top\" data-id=\"c369091\" data-element_type=\"section\">\n\t\t\t\t\t\t<div class=\"elementor-container elementor-column-gap-default\">\n\t\t\t\t\t<div class=\"elementor-column elementor-col-100 elementor-inner-column elementor-element elementor-element-8707ae9 column-style-top\" data-id=\"8707ae9\" data-element_type=\"column\">\n\t\t\t<div class=\"elementor-widget-wrap elementor-element-populated\">\n\t\t\t\t\t\t\t\t<div class=\"elementor-element elementor-element-061c141 elementor-view-default elementor-position-top elementor-mobile-position-top elementor-widget elementor-widget-icon-box\" data-id=\"061c141\" data-element_type=\"widget\" data-widget_type=\"icon-box.default\">\n\t\t\t\t<div class=\"elementor-widget-container\">\n\t\t\t\t\t<div class=\"elementor-icon-box-wrapper\">\n\t\t\t\t\t\t<div class=\"elementor-icon-box-icon\">\n\t\t\t\t<span  class=\"elementor-icon elementor-animation-\">\n\t\t\t\t<i aria-hidden=\"true\" class=\"fas fa-ticket-alt\"><\/i>\t\t\t\t<\/span>\n\t\t\t<\/div>\n\t\t\t\t\t\t<div class=\"elementor-icon-box-content\">\n\t\t\t\t<h3 class=\"elementor-icon-box-title\">\n\t\t\t\t\t<span  >\n\t\t\t\t\t\tEvento gratuito con registro previo obligatorio\t\t\t\t\t<\/span>\n\t\t\t\t<\/h3>\n\t\t\t\t\t\t\t\t\t<p class=\"elementor-icon-box-description\">\n\t\t\t\t\t\t\u2022\tCupo limitado en talleres presenciales.<br>\n\n<h5 style=\"text-align: center;\">Prep\u00e1rate para vivir una experiencia formativa, humana y transformadora.<\/h5>\n\n\n\n<h4 style=\"text-align: center;\"><strong>\u00a1Te esperamos en las Jornadas Humanista \u2013 Gestalt 2025!<\/strong><\/h4>\n\t\t\t\t\t<\/p>\n\t\t\t\t\t\t\t<\/div>\n\t\t<\/div>\n\t\t\t\t<\/div>\n\t\t\t\t<\/div>\n\t\t\t\t\t<\/div>\n\t\t<\/div>\n\t\t\t\t\t\t\t<\/div>\n\t\t<\/section>\n\t\t\t\t<div class=\"elementor-element elementor-element-0d8dcc3 elementor-widget elementor-widget-text-editor\" data-id=\"0d8dcc3\" data-element_type=\"widget\" data-widget_type=\"text-editor.default\">\n\t\t\t\t<div class=\"elementor-widget-container\">\n\t\t\t\t\t\t\t\t\t\t\t\t\t<\/div>\n\t\t\t\t<\/div>\n\t\t\t\t\t<\/div>\n\t\t<\/div>\n\t\t\t\t\t\t\t<\/div>\n\t\t<\/section>\n\t\t\t\t<section class=\"elementor-section elementor-top-section elementor-element elementor-element-0850c7a elementor-section-boxed elementor-section-height-default elementor-section-height-default row-top\" data-id=\"0850c7a\" data-element_type=\"section\">\n\t\t\t\t\t\t<div class=\"elementor-container elementor-column-gap-default\">\n\t\t\t\t\t<div class=\"elementor-column elementor-col-16 elementor-top-column elementor-element elementor-element-c605e7f column-style-top\" data-id=\"c605e7f\" data-element_type=\"column\">\n\t\t\t<div class=\"elementor-widget-wrap\">\n\t\t\t\t\t\t\t\t\t<\/div>\n\t\t<\/div>\n\t\t\t\t<div class=\"elementor-column elementor-col-66 elementor-top-column elementor-element elementor-element-bb8064e column-style-top\" data-id=\"bb8064e\" data-element_type=\"column\">\n\t\t\t<div class=\"elementor-widget-wrap elementor-element-populated\">\n\t\t\t\t\t\t\t\t<div class=\"elementor-element elementor-element-4706584 elementor-widget elementor-widget-heading\" data-id=\"4706584\" data-element_type=\"widget\" data-widget_type=\"heading.default\">\n\t\t\t\t<div class=\"elementor-widget-container\">\n\t\t\t<h2 class=\"elementor-heading-title elementor-size-default\">REG\u00cdSTRATE AQU\u00cd:<\/h2>\t\t<\/div>\n\t\t\t\t<\/div>\n\t\t\t\t<div class=\"elementor-element elementor-element-87e4df0 elementor-widget elementor-widget-html\" data-id=\"87e4df0\" data-element_type=\"widget\" data-widget_type=\"html.default\">\n\t\t\t\t<div class=\"elementor-widget-container\">\n\t\t\t<iframe loading=\"lazy\" src=\"https:\/\/docs.google.com\/forms\/d\/e\/1FAIpQLSfYIG9NhbUrc5xlA-tER-lqpDlZIJ99Mh3zwJayNJhwY6TsFg\/viewform?embedded=true\" width=\"640\" height=\"3748\" frameborder=\"0\" marginheight=\"0\" marginwidth=\"0\">Cargando\u2026<\/iframe>\t\t<\/div>\n\t\t\t\t<\/div>\n\t\t\t\t\t<\/div>\n\t\t<\/div>\n\t\t\t\t<div class=\"elementor-column elementor-col-16 elementor-top-column elementor-element elementor-element-aa4b9da column-style-top\" data-id=\"aa4b9da\" data-element_type=\"column\">\n\t\t\t<div class=\"elementor-widget-wrap\">\n\t\t\t\t\t\t\t\t\t<\/div>\n\t\t<\/div>\n\t\t\t\t\t\t\t<\/div>\n\t\t<\/section>\n\t\t\t\t\t\t\t<\/div>\n\t\t","protected":false},"excerpt":{"rendered":"<p>Conectando la educaci\u00f3n y la psicoterapia desde un enfoque humanista y relacional CESIGUE te invita a participar en las Jornadas Humanista \u2013 Gestalt 2025, un evento gratuito dirigido a estudiantes [&hellip;]<\/p>\n","protected":false},"author":1,"featured_media":0,"parent":0,"menu_order":0,"comment_status":"closed","ping_status":"closed","template":"elementor_header_footer","meta":{"footnotes":""},"class_list":["post-5624","page","type-page","status-publish","hentry"],"aioseo_notices":[],"_links":{"self":[{"href":"https:\/\/www.cesigue.edu.mx\/guestalt\/wp-json\/wp\/v2\/pages\/5624","targetHints":{"allow":["GET"]}}],"collection":[{"href":"https:\/\/www.cesigue.edu.mx\/guestalt\/wp-json\/wp\/v2\/pages"}],"about":[{"href":"https:\/\/www.cesigue.edu.mx\/guestalt\/wp-json\/wp\/v2\/types\/page"}],"author":[{"embeddable":true,"href":"https:\/\/www.cesigue.edu.mx\/guestalt\/wp-json\/wp\/v2\/users\/1"}],"replies":[{"embeddable":true,"href":"https:\/\/www.cesigue.edu.mx\/guestalt\/wp-json\/wp\/v2\/comments?post=5624"}],"version-history":[{"count":29,"href":"https:\/\/www.cesigue.edu.mx\/guestalt\/wp-json\/wp\/v2\/pages\/5624\/revisions"}],"predecessor-version":[{"id":6030,"href":"https:\/\/www.cesigue.edu.mx\/guestalt\/wp-json\/wp\/v2\/pages\/5624\/revisions\/6030"}],"wp:attachment":[{"href":"https:\/\/www.cesigue.edu.mx\/guestalt\/wp-json\/wp\/v2\/media?parent=5624"}],"curies":[{"name":"wp","href":"https:\/\/api.w.org\/{rel}","templated":true}]}}