{"id":35,"date":"2020-12-08T04:14:31","date_gmt":"2020-12-08T04:14:31","guid":{"rendered":"https:\/\/gaviaspreview.com\/wp\/zilom\/?page_id=35"},"modified":"2021-11-12T18:39:16","modified_gmt":"2021-11-12T18:39:16","slug":"invitados-especiales","status":"publish","type":"page","link":"https:\/\/www.cesigue.edu.mx\/guestalt\/invitados-especiales\/","title":{"rendered":"Invitados especiales"},"content":{"rendered":"\t\t<div data-elementor-type=\"wp-page\" data-elementor-id=\"35\" class=\"elementor elementor-35\">\n\t\t\t\t\t\t\t\t\t<section class=\"elementor-section elementor-top-section elementor-element elementor-element-39ecd2ef elementor-section-boxed elementor-section-height-default elementor-section-height-default row-top\" data-id=\"39ecd2ef\" data-element_type=\"section\">\n\t\t\t\t\t\t<div class=\"elementor-container elementor-column-gap-default\">\n\t\t\t\t\t<div class=\"elementor-column elementor-col-100 elementor-top-column elementor-element elementor-element-1c540d60 column-style-top\" data-id=\"1c540d60\" data-element_type=\"column\">\n\t\t\t<div class=\"elementor-widget-wrap elementor-element-populated\">\n\t\t\t\t\t\t\t\t<section class=\"elementor-section elementor-inner-section elementor-element elementor-element-12ddd9e elementor-section-boxed elementor-section-height-default elementor-section-height-default row-top\" data-id=\"12ddd9e\" data-element_type=\"section\">\n\t\t\t\t\t\t<div class=\"elementor-container elementor-column-gap-default\">\n\t\t\t\t\t<div class=\"elementor-column elementor-col-33 elementor-inner-column elementor-element elementor-element-b9c6403 column-style-top\" data-id=\"b9c6403\" data-element_type=\"column\">\n\t\t\t<div class=\"elementor-widget-wrap elementor-element-populated\">\n\t\t\t\t\t\t\t\t<div class=\"elementor-element elementor-element-c8d5683 elementor-widget elementor-widget-gva-image-content\" data-id=\"c8d5683\" data-element_type=\"widget\" data-widget_type=\"gva-image-content.default\">\n\t\t\t\t<div class=\"elementor-widget-container\">\n\t\t\t<div class=\"gva-element-gva-image-content gva-element\">\t\t\r\n\t  \r\n\t \r\n\t  \r\n\r\n\t\r\n \r\n\r\n  \r\n\r\n \r\n\r\n  <div class=\"clearfix gsc-image-content skin-v7\">\r\n\t \t\t<div class=\"image\">\r\n\t\t\t \t\t  <a href=\"https:\/\/www.cesigue.edu.mx\/guestalt\/2021\/11\/04\/norman-shub\/\">\r\n\t\t\t <img loading=\"lazy\" decoding=\"async\" width=\"180\" height=\"180\" src=\"https:\/\/www.cesigue.edu.mx\/guestalt\/wp-content\/uploads\/2021\/11\/Norman.jpeg\" class=\"attachment-full size-full wp-image-1759\" alt=\"\" \/>\t\t  <\/a>\r\n\t\t  \t\t<\/div>\r\n\t \t <div class=\"box-content\">\r\n\t\t\t\t\t<h2 class=\"title\">\r\n\t\t\t\t\t\t  <a href=\"https:\/\/www.cesigue.edu.mx\/guestalt\/2021\/11\/04\/norman-shub\/\">\r\n\t\t\t Norman Shub\t\t  <\/a>\r\n\t\t  \t\t\t<\/h2>\r\n\t\t\t\t<div class=\"desc\">Autor, maestro, psicoterapeuta. Es conocido como maestro de maestros de gran claridad, su trabajo es pionero en el diagn\u00f3stico diferencial as\u00ed como el tratamiento de alteraciones del car\u00e1cter.\n<\/div>\r\n\t\t\t\t  <div class=\"read-more\">\r\n\t\t\t \t\t  <a href=\"https:\/\/www.cesigue.edu.mx\/guestalt\/2021\/11\/04\/norman-shub\/\" class=\"btn-inline\">\r\n\t\t\t <span>Leer m\u00e1s<\/span>\t\t  <\/a>\r\n\t\t  \t\t  <\/div>\r\n\t\t\t <\/div>  \r\n  <\/div>\r\n <\/div>\t\t<\/div>\n\t\t\t\t<\/div>\n\t\t\t\t\t<\/div>\n\t\t<\/div>\n\t\t\t\t<div class=\"elementor-column elementor-col-33 elementor-inner-column elementor-element elementor-element-6ca31b8 column-style-top\" data-id=\"6ca31b8\" data-element_type=\"column\">\n\t\t\t<div class=\"elementor-widget-wrap elementor-element-populated\">\n\t\t\t\t\t\t\t\t<div class=\"elementor-element elementor-element-1bd8161 elementor-widget elementor-widget-gva-image-content\" data-id=\"1bd8161\" data-element_type=\"widget\" data-widget_type=\"gva-image-content.default\">\n\t\t\t\t<div class=\"elementor-widget-container\">\n\t\t\t<div class=\"gva-element-gva-image-content gva-element\">\t\t\r\n\t  \r\n\t \r\n\t  \r\n\r\n\t\r\n \r\n\r\n  \r\n\r\n \r\n\r\n  <div class=\"clearfix gsc-image-content skin-v7\">\r\n\t \t\t<div class=\"image\">\r\n\t\t\t \t\t  <a href=\"https:\/\/www.cesigue.edu.mx\/guestalt\/2021\/11\/04\/miguel-jarquin-marin\/\">\r\n\t\t\t <img loading=\"lazy\" decoding=\"async\" width=\"180\" height=\"166\" src=\"https:\/\/www.cesigue.edu.mx\/guestalt\/wp-content\/uploads\/2021\/11\/jarqui\u0301n.jpeg\" class=\"attachment-full size-full wp-image-1760\" alt=\"\" \/>\t\t  <\/a>\r\n\t\t  \t\t<\/div>\r\n\t \t <div class=\"box-content\">\r\n\t\t\t\t\t<h2 class=\"title\">\r\n\t\t\t\t\t\t  <a href=\"https:\/\/www.cesigue.edu.mx\/guestalt\/2021\/11\/04\/miguel-jarquin-marin\/\">\r\n\t\t\t Miguel Jarqu\u00edn Mar\u00edn\t\t  <\/a>\r\n\t\t  \t\t\t<\/h2>\r\n\t\t\t\t<div class=\"desc\">Psicoterapeuta, pedagogo y fil\u00f3sofo mexicano; Maestr\u00eda en Psicoterapia Gestalt, INTEGRO., Maestr\u00eda en Filosof\u00eda, UNIVA., Doctor en Psicolog\u00eda Cl\u00ednica, Newport Univerity USA. Doctor en Psicoterapia Gestalt Relacional, CESIGUE. <\/div>\r\n\t\t\t\t  <div class=\"read-more\">\r\n\t\t\t \t\t  <a href=\"https:\/\/www.cesigue.edu.mx\/guestalt\/2021\/11\/04\/miguel-jarquin-marin\/\" class=\"btn-inline\">\r\n\t\t\t <span>Leer m\u00e1s<\/span>\t\t  <\/a>\r\n\t\t  \t\t  <\/div>\r\n\t\t\t <\/div>  \r\n  <\/div>\r\n <\/div>\t\t<\/div>\n\t\t\t\t<\/div>\n\t\t\t\t\t<\/div>\n\t\t<\/div>\n\t\t\t\t<div class=\"elementor-column elementor-col-33 elementor-inner-column elementor-element elementor-element-fb8a6d7 column-style-top\" data-id=\"fb8a6d7\" data-element_type=\"column\">\n\t\t\t<div class=\"elementor-widget-wrap elementor-element-populated\">\n\t\t\t\t\t\t\t\t<div class=\"elementor-element elementor-element-ef8e50d elementor-widget elementor-widget-gva-image-content\" data-id=\"ef8e50d\" data-element_type=\"widget\" data-widget_type=\"gva-image-content.default\">\n\t\t\t\t<div class=\"elementor-widget-container\">\n\t\t\t<div class=\"gva-element-gva-image-content gva-element\">\t\t\r\n\t  \r\n\t \r\n\t  \r\n\r\n\t\r\n \r\n\r\n  \r\n\r\n \r\n\r\n  <div class=\"clearfix gsc-image-content skin-v7\">\r\n\t \t\t<div class=\"image\">\r\n\t\t\t \t\t  <a href=\"https:\/\/www.cesigue.edu.mx\/guestalt\/2021\/09\/21\/jean-marie-delacroix\/\">\r\n\t\t\t <img loading=\"lazy\" decoding=\"async\" width=\"180\" height=\"180\" src=\"https:\/\/www.cesigue.edu.mx\/guestalt\/wp-content\/uploads\/2021\/11\/jean_marie_delacroix.jpeg\" class=\"attachment-full size-full wp-image-1762\" alt=\"\" \/>\t\t  <\/a>\r\n\t\t  \t\t<\/div>\r\n\t \t <div class=\"box-content\">\r\n\t\t\t\t\t<h2 class=\"title\">\r\n\t\t\t\t\t\t  <a href=\"https:\/\/www.cesigue.edu.mx\/guestalt\/2021\/09\/21\/jean-marie-delacroix\/\">\r\n\t\t\t Jean Marie Delacroix\t\t  <\/a>\r\n\t\t  \t\t\t<\/h2>\r\n\t\t\t\t<div class=\"desc\">Psicoterapeuta Gestalt quien se entren\u00f3 en Montreal. Director de programas de entrenamiento Gestalt durante muchos a\u00f1os, introdujo la Gestalt en Francia y en Africa occidental co-creando el Instituto de Grenoble de Gestalt y el Instituto Franc\u00e9s de terapia Gestalt.<\/div>\r\n\t\t\t\t  <div class=\"read-more\">\r\n\t\t\t \t\t  <a href=\"https:\/\/www.cesigue.edu.mx\/guestalt\/2021\/09\/21\/jean-marie-delacroix\/\" class=\"btn-inline\">\r\n\t\t\t <span>Leer M\u00e1s<\/span>\t\t  <\/a>\r\n\t\t  \t\t  <\/div>\r\n\t\t\t <\/div>  \r\n  <\/div>\r\n <\/div>\t\t<\/div>\n\t\t\t\t<\/div>\n\t\t\t\t\t<\/div>\n\t\t<\/div>\n\t\t\t\t\t\t\t<\/div>\n\t\t<\/section>\n\t\t\t\t<section class=\"elementor-section elementor-inner-section elementor-element elementor-element-a751902 elementor-section-boxed elementor-section-height-default elementor-section-height-default row-top\" data-id=\"a751902\" data-element_type=\"section\">\n\t\t\t\t\t\t<div class=\"elementor-container elementor-column-gap-default\">\n\t\t\t\t\t<div class=\"elementor-column elementor-col-33 elementor-inner-column elementor-element elementor-element-ae51bea column-style-top\" data-id=\"ae51bea\" data-element_type=\"column\">\n\t\t\t<div class=\"elementor-widget-wrap elementor-element-populated\">\n\t\t\t\t\t\t\t\t<div class=\"elementor-element elementor-element-8cb30b0 elementor-widget elementor-widget-gva-image-content\" data-id=\"8cb30b0\" data-element_type=\"widget\" data-widget_type=\"gva-image-content.default\">\n\t\t\t\t<div class=\"elementor-widget-container\">\n\t\t\t<div class=\"gva-element-gva-image-content gva-element\">\t\t\r\n\t  \r\n\t \r\n\t  \r\n\r\n\t\r\n \r\n\r\n  \r\n\r\n \r\n\r\n  <div class=\"clearfix gsc-image-content skin-v7\">\r\n\t \t\t<div class=\"image\">\r\n\t\t\t \t\t  <a href=\"https:\/\/www.cesigue.edu.mx\/guestalt\/2020\/12\/08\/armando-quiroz-adame\/\">\r\n\t\t\t <img loading=\"lazy\" decoding=\"async\" width=\"180\" height=\"180\" src=\"https:\/\/www.cesigue.edu.mx\/guestalt\/wp-content\/uploads\/2020\/12\/Armando-quiroz.jpeg\" class=\"attachment-full size-full wp-image-1834\" alt=\"\" \/>\t\t  <\/a>\r\n\t\t  \t\t<\/div>\r\n\t \t <div class=\"box-content\">\r\n\t\t\t\t\t<h2 class=\"title\">\r\n\t\t\t\t\t\t  <a href=\"https:\/\/www.cesigue.edu.mx\/guestalt\/2020\/12\/08\/armando-quiroz-adame\/\">\r\n\t\t\t Armando Quiroz Adame\t\t  <\/a>\r\n\t\t  \t\t\t<\/h2>\r\n\t\t\t\t<div class=\"desc\">Psic\u00f3logo egresado de la UNAM con especialidad en Desarrollo infantil, Diplomado en desarrollo humano y Maestr\u00eda en Psicolog\u00eda educativa. <\/div>\r\n\t\t\t\t  <div class=\"read-more\">\r\n\t\t\t \t\t  <a href=\"https:\/\/www.cesigue.edu.mx\/guestalt\/2020\/12\/08\/armando-quiroz-adame\/\" class=\"btn-inline\">\r\n\t\t\t <span>Leer M\u00e1s<\/span>\t\t  <\/a>\r\n\t\t  \t\t  <\/div>\r\n\t\t\t <\/div>  \r\n  <\/div>\r\n <\/div>\t\t<\/div>\n\t\t\t\t<\/div>\n\t\t\t\t\t<\/div>\n\t\t<\/div>\n\t\t\t\t<div class=\"elementor-column elementor-col-33 elementor-inner-column elementor-element elementor-element-33e9c22 column-style-top\" data-id=\"33e9c22\" data-element_type=\"column\">\n\t\t\t<div class=\"elementor-widget-wrap elementor-element-populated\">\n\t\t\t\t\t\t\t\t<div class=\"elementor-element elementor-element-3a140b0 elementor-widget elementor-widget-gva-image-content\" data-id=\"3a140b0\" data-element_type=\"widget\" data-widget_type=\"gva-image-content.default\">\n\t\t\t\t<div class=\"elementor-widget-container\">\n\t\t\t<div class=\"gva-element-gva-image-content gva-element\">\t\t\r\n\t  \r\n\t \r\n\t  \r\n\r\n\t\r\n \r\n\r\n  \r\n\r\n \r\n\r\n  <div class=\"clearfix gsc-image-content skin-v7\">\r\n\t \t\t<div class=\"image\">\r\n\t\t\t \t\t  <a href=\"https:\/\/www.cesigue.edu.mx\/guestalt\/2021\/11\/09\/ruella-frank\/\">\r\n\t\t\t <img loading=\"lazy\" decoding=\"async\" width=\"180\" height=\"180\" src=\"https:\/\/www.cesigue.edu.mx\/guestalt\/wp-content\/uploads\/2021\/11\/ruella-frank.jpeg\" class=\"attachment-full size-full wp-image-1838\" alt=\"\" \/>\t\t  <\/a>\r\n\t\t  \t\t<\/div>\r\n\t \t <div class=\"box-content\">\r\n\t\t\t\t\t<h2 class=\"title\">\r\n\t\t\t\t\t\t  <a href=\"https:\/\/www.cesigue.edu.mx\/guestalt\/2021\/11\/09\/ruella-frank\/\">\r\n\t\t\t Ruella Frank\t\t  <\/a>\r\n\t\t  \t\t\t<\/h2>\r\n\t\t\t\t<div class=\"desc\">Ruella es fundadora y directora del Centro para Estudios Som\u00e1ticos de Nueva York, docente en el Instituto de Terapia Gestalt de Nueva York<\/div>\r\n\t\t\t\t  <div class=\"read-more\">\r\n\t\t\t \t\t  <a href=\"https:\/\/www.cesigue.edu.mx\/guestalt\/2021\/11\/09\/ruella-frank\/\" class=\"btn-inline\">\r\n\t\t\t <span>Leer M\u00e1s<\/span>\t\t  <\/a>\r\n\t\t  \t\t  <\/div>\r\n\t\t\t <\/div>  \r\n  <\/div>\r\n <\/div>\t\t<\/div>\n\t\t\t\t<\/div>\n\t\t\t\t\t<\/div>\n\t\t<\/div>\n\t\t\t\t<div class=\"elementor-column elementor-col-33 elementor-inner-column elementor-element elementor-element-6e06db8 column-style-top\" data-id=\"6e06db8\" data-element_type=\"column\">\n\t\t\t<div class=\"elementor-widget-wrap elementor-element-populated\">\n\t\t\t\t\t\t\t\t<div class=\"elementor-element elementor-element-354b143 elementor-widget elementor-widget-gva-image-content\" data-id=\"354b143\" data-element_type=\"widget\" data-widget_type=\"gva-image-content.default\">\n\t\t\t\t<div class=\"elementor-widget-container\">\n\t\t\t<div class=\"gva-element-gva-image-content gva-element\">\t\t\r\n\t  \r\n\t \r\n\t  \r\n\r\n\t\r\n \r\n\r\n  \r\n\r\n \r\n\r\n  <div class=\"clearfix gsc-image-content skin-v7\">\r\n\t \t\t<div class=\"image\">\r\n\t\t\t \t\t  <a href=\"https:\/\/www.cesigue.edu.mx\/guestalt\/2021\/11\/09\/ebert-carrillo-chavez\/\">\r\n\t\t\t <img loading=\"lazy\" decoding=\"async\" width=\"180\" height=\"180\" src=\"https:\/\/www.cesigue.edu.mx\/guestalt\/wp-content\/uploads\/2021\/11\/Ebert-castillo.jpeg\" class=\"attachment-full size-full wp-image-1843\" alt=\"\" \/>\t\t  <\/a>\r\n\t\t  \t\t<\/div>\r\n\t \t <div class=\"box-content\">\r\n\t\t\t\t\t<h2 class=\"title\">\r\n\t\t\t\t\t\t  <a href=\"https:\/\/www.cesigue.edu.mx\/guestalt\/2021\/11\/09\/ebert-carrillo-chavez\/\">\r\n\t\t\t Ebert Carrillo Chavez\t\t  <\/a>\r\n\t\t  \t\t\t<\/h2>\r\n\t\t\t\t<div class=\"desc\">Psic\u00f3logo cl\u00ednico de ni\u00f1os, adolescentes, adultos, pareja y familia. Psicoterapeuta con Formaci\u00f3n en Terapia Gestalt,<\/div>\r\n\t\t\t\t  <div class=\"read-more\">\r\n\t\t\t \t\t  <a href=\"https:\/\/www.cesigue.edu.mx\/guestalt\/2021\/11\/09\/ebert-carrillo-chavez\/\" class=\"btn-inline\">\r\n\t\t\t <span>Leer M\u00e1s<\/span>\t\t  <\/a>\r\n\t\t  \t\t  <\/div>\r\n\t\t\t <\/div>  \r\n  <\/div>\r\n <\/div>\t\t<\/div>\n\t\t\t\t<\/div>\n\t\t\t\t\t<\/div>\n\t\t<\/div>\n\t\t\t\t\t\t\t<\/div>\n\t\t<\/section>\n\t\t\t\t\t<\/div>\n\t\t<\/div>\n\t\t\t\t\t\t\t<\/div>\n\t\t<\/section>\n\t\t\t\t\t\t\t<\/div>\n\t\t","protected":false},"excerpt":{"rendered":"<p>Norman Shub Autor, maestro, psicoterapeuta. Es conocido como maestro de maestros de gran claridad, su trabajo es pionero en el diagn\u00f3stico diferencial as\u00ed como el tratamiento de alteraciones del car\u00e1cter. [&hellip;]<\/p>\n","protected":false},"author":1,"featured_media":0,"parent":0,"menu_order":0,"comment_status":"closed","ping_status":"closed","template":"","meta":{"footnotes":""},"class_list":["post-35","page","type-page","status-publish","hentry"],"aioseo_notices":[],"_links":{"self":[{"href":"https:\/\/www.cesigue.edu.mx\/guestalt\/wp-json\/wp\/v2\/pages\/35","targetHints":{"allow":["GET"]}}],"collection":[{"href":"https:\/\/www.cesigue.edu.mx\/guestalt\/wp-json\/wp\/v2\/pages"}],"about":[{"href":"https:\/\/www.cesigue.edu.mx\/guestalt\/wp-json\/wp\/v2\/types\/page"}],"author":[{"embeddable":true,"href":"https:\/\/www.cesigue.edu.mx\/guestalt\/wp-json\/wp\/v2\/users\/1"}],"replies":[{"embeddable":true,"href":"https:\/\/www.cesigue.edu.mx\/guestalt\/wp-json\/wp\/v2\/comments?post=35"}],"version-history":[{"count":19,"href":"https:\/\/www.cesigue.edu.mx\/guestalt\/wp-json\/wp\/v2\/pages\/35\/revisions"}],"predecessor-version":[{"id":1870,"href":"https:\/\/www.cesigue.edu.mx\/guestalt\/wp-json\/wp\/v2\/pages\/35\/revisions\/1870"}],"wp:attachment":[{"href":"https:\/\/www.cesigue.edu.mx\/guestalt\/wp-json\/wp\/v2\/media?parent=35"}],"curies":[{"name":"wp","href":"https:\/\/api.w.org\/{rel}","templated":true}]}}